{"id":337,"date":"2024-12-31T00:56:34","date_gmt":"2024-12-30T23:56:34","guid":{"rendered":"https:\/\/pgik.pgik.se\/?page_id=337"},"modified":"2025-02-03T22:06:04","modified_gmt":"2025-02-03T21:06:04","slug":"aktiviteter-2024","status":"publish","type":"page","link":"https:\/\/pgik.pgik.se\/index.php\/aktiviteter-2024\/","title":{"rendered":"Aktiviteter 2024"},"content":{"rendered":"\n<h2 class=\"wp-block-heading\">Aktiviteter 2024<\/h2>\n\n\n\n<hr class=\"wp-block-separator has-alpha-channel-opacity\"\/>\n\n\n\n<div class=\"wp-block-media-text has-media-on-the-right is-stacked-on-mobile\"><div class=\"wp-block-media-text__content\">\n<p>L\u00e5t oss tr\u00e4ffas p\u00e5 Bishops Arms, Tyska Brinken 36 i Gamla Stan, torsdagen den 5 december kl 17<strong>.<\/strong><\/p>\n\n\n\n<p><a href=\"https:\/\/pgik.pgik.se\/index.php\/bishop-arms\/\" data-type=\"page\" data-id=\"372\">L\u00e4s mer<\/a><\/p>\n<\/div><figure class=\"wp-block-media-text__media\"><img loading=\"lazy\" decoding=\"async\" width=\"660\" height=\"440\" src=\"https:\/\/pgik.pgik.se\/wp-content\/uploads\/2024\/12\/bishop-arms.jpg\" alt=\"\" class=\"wp-image-370 size-full\" srcset=\"https:\/\/pgik.pgik.se\/wp-content\/uploads\/2024\/12\/bishop-arms.jpg 660w, https:\/\/pgik.pgik.se\/wp-content\/uploads\/2024\/12\/bishop-arms-300x200.jpg 300w, https:\/\/pgik.pgik.se\/wp-content\/uploads\/2024\/12\/bishop-arms-370x247.jpg 370w\" sizes=\"auto, (max-width: 660px) 100vw, 660px\" \/><\/figure><\/div>\n\n\n\n<hr class=\"wp-block-separator has-alpha-channel-opacity\"\/>\n\n\n\n<div class=\"wp-block-media-text is-stacked-on-mobile\"><figure class=\"wp-block-media-text__media\"><a href=\"https:\/\/pgik.pgik.se\/index.php\/brasserie-astoria\/\"><img loading=\"lazy\" decoding=\"async\" width=\"1024\" height=\"576\" src=\"https:\/\/pgik.pgik.se\/wp-content\/uploads\/2025\/01\/ciao-ciao-grande-1024x576.jpg\" alt=\"\" class=\"wp-image-702 size-full\" srcset=\"https:\/\/pgik.pgik.se\/wp-content\/uploads\/2025\/01\/ciao-ciao-grande-1024x576.jpg 1024w, https:\/\/pgik.pgik.se\/wp-content\/uploads\/2025\/01\/ciao-ciao-grande-300x169.jpg 300w, https:\/\/pgik.pgik.se\/wp-content\/uploads\/2025\/01\/ciao-ciao-grande-768x432.jpg 768w, https:\/\/pgik.pgik.se\/wp-content\/uploads\/2025\/01\/ciao-ciao-grande-1536x864.jpg 1536w, https:\/\/pgik.pgik.se\/wp-content\/uploads\/2025\/01\/ciao-ciao-grande.jpg 1920w\" sizes=\"auto, (max-width: 1024px) 100vw, 1024px\" \/><\/a><\/figure><div class=\"wp-block-media-text__content\">\n<p>V\u00e4lkomna till middag med PGIK p\u00e5 Ciao Ciao Grande, Storgatan 11, tisdagen 26 november kl 17 -20.<\/p>\n\n\n\n<p><a href=\"https:\/\/pgik.pgik.se\/index.php\/brasserie-astoria\/\" data-type=\"page\" data-id=\"342\">L\u00e4s mer<\/a><\/p>\n<\/div><\/div>\n\n\n\n<hr class=\"wp-block-separator has-alpha-channel-opacity\"\/>\n\n\n\n<div class=\"wp-block-media-text has-media-on-the-right is-stacked-on-mobile\"><div class=\"wp-block-media-text__content\">\n<p>Uppt\u00e4ck Saltsj\u00f6badens historia, PGIK v\u00e4lkomnar dig till en rundvandring. Torsdagen 10 oktober kl 10.45.<\/p>\n\n\n\n<p><a href=\"https:\/\/pgik.pgik.se\/index.php\/saltjobadens-historia\/\" data-type=\"page\" data-id=\"458\">L\u00e4s mer<\/a><\/p>\n<\/div><figure class=\"wp-block-media-text__media\"><img loading=\"lazy\" decoding=\"async\" width=\"2014\" height=\"1460\" src=\"https:\/\/pgik.pgik.se\/wp-content\/uploads\/2025\/01\/saltsjobaden.jpg\" alt=\"\" class=\"wp-image-456 size-full\" srcset=\"https:\/\/pgik.pgik.se\/wp-content\/uploads\/2025\/01\/saltsjobaden.jpg 2014w, https:\/\/pgik.pgik.se\/wp-content\/uploads\/2025\/01\/saltsjobaden-300x217.jpg 300w, https:\/\/pgik.pgik.se\/wp-content\/uploads\/2025\/01\/saltsjobaden-1024x742.jpg 1024w, https:\/\/pgik.pgik.se\/wp-content\/uploads\/2025\/01\/saltsjobaden-768x557.jpg 768w, https:\/\/pgik.pgik.se\/wp-content\/uploads\/2025\/01\/saltsjobaden-1536x1113.jpg 1536w\" sizes=\"auto, (max-width: 2014px) 100vw, 2014px\" \/><\/figure><\/div>\n\n\n\n<hr class=\"wp-block-separator has-alpha-channel-opacity\"\/>\n\n\n\n<div class=\"wp-block-media-text is-stacked-on-mobile\"><figure class=\"wp-block-media-text__media\"><img loading=\"lazy\" decoding=\"async\" width=\"1024\" height=\"733\" src=\"https:\/\/pgik.pgik.se\/wp-content\/uploads\/2024\/12\/confidensen-1-1024x733.jpg\" alt=\"\" class=\"wp-image-381 size-full\" srcset=\"https:\/\/pgik.pgik.se\/wp-content\/uploads\/2024\/12\/confidensen-1-1024x733.jpg 1024w, https:\/\/pgik.pgik.se\/wp-content\/uploads\/2024\/12\/confidensen-1-300x215.jpg 300w, https:\/\/pgik.pgik.se\/wp-content\/uploads\/2024\/12\/confidensen-1-768x550.jpg 768w, https:\/\/pgik.pgik.se\/wp-content\/uploads\/2024\/12\/confidensen-1-1536x1099.jpg 1536w, https:\/\/pgik.pgik.se\/wp-content\/uploads\/2024\/12\/confidensen-1-2048x1466.jpg 2048w\" sizes=\"auto, (max-width: 1024px) 100vw, 1024px\" \/><\/figure><div class=\"wp-block-media-text__content\">\n<p>V\u00e4lkommen till Confidencen \u2013 Sveriges \u00e4ldsta rokokoteater. PGIK inbjuder till en guidad visning tisdag 24 september 12.00.<\/p>\n\n\n\n<p><a href=\"https:\/\/pgik.pgik.se\/index.php\/confidencen\/\" data-type=\"page\" data-id=\"378\">L\u00e4s mer<\/a><\/p>\n<\/div><\/div>\n\n\n\n<hr class=\"wp-block-separator has-alpha-channel-opacity\"\/>\n\n\n\n<div class=\"wp-block-media-text has-media-on-the-right is-stacked-on-mobile\"><div class=\"wp-block-media-text__content\">\n<p>V\u00e4lkomna till Boule i R\u00e5lis med PGIK.<br>Vi har bokat banor m\u00e5ndag 3 juni 15.45 &#8211; 17.15.<\/p>\n\n\n\n<p><a href=\"https:\/\/pgik.pgik.se\/index.php\/boule-i-ralis\/\" data-type=\"page\" data-id=\"385\">L\u00e4s mer<\/a><\/p>\n<\/div><figure class=\"wp-block-media-text__media\"><img loading=\"lazy\" decoding=\"async\" width=\"1024\" height=\"682\" src=\"https:\/\/pgik.pgik.se\/wp-content\/uploads\/2024\/12\/boulebar-1024x682.jpg\" alt=\"Bild p\u00e5 Boulebar i R\u00e5lis\" class=\"wp-image-386 size-full\" srcset=\"https:\/\/pgik.pgik.se\/wp-content\/uploads\/2024\/12\/boulebar-1024x682.jpg 1024w, https:\/\/pgik.pgik.se\/wp-content\/uploads\/2024\/12\/boulebar-300x200.jpg 300w, https:\/\/pgik.pgik.se\/wp-content\/uploads\/2024\/12\/boulebar-768x512.jpg 768w, https:\/\/pgik.pgik.se\/wp-content\/uploads\/2024\/12\/boulebar-1536x1024.jpg 1536w, https:\/\/pgik.pgik.se\/wp-content\/uploads\/2024\/12\/boulebar-370x247.jpg 370w, https:\/\/pgik.pgik.se\/wp-content\/uploads\/2024\/12\/boulebar-776x517.jpg 776w, https:\/\/pgik.pgik.se\/wp-content\/uploads\/2024\/12\/boulebar.jpg 2000w\" sizes=\"auto, (max-width: 1024px) 100vw, 1024px\" \/><\/figure><\/div>\n\n\n\n<hr class=\"wp-block-separator has-alpha-channel-opacity\"\/>\n\n\n\n<div class=\"wp-block-media-text is-stacked-on-mobile\"><figure class=\"wp-block-media-text__media\"><img loading=\"lazy\" decoding=\"async\" width=\"1024\" height=\"576\" src=\"https:\/\/pgik.pgik.se\/wp-content\/uploads\/2024\/12\/spioner-1024x576.jpg\" alt=\"Bild p\u00e5 en artikel om spioner\" class=\"wp-image-390 size-full\" srcset=\"https:\/\/pgik.pgik.se\/wp-content\/uploads\/2024\/12\/spioner-1024x576.jpg 1024w, https:\/\/pgik.pgik.se\/wp-content\/uploads\/2024\/12\/spioner-300x169.jpg 300w, https:\/\/pgik.pgik.se\/wp-content\/uploads\/2024\/12\/spioner-768x432.jpg 768w, https:\/\/pgik.pgik.se\/wp-content\/uploads\/2024\/12\/spioner.jpg 1400w\" sizes=\"auto, (max-width: 1024px) 100vw, 1024px\" \/><\/figure><div class=\"wp-block-media-text__content\">\n<p>Spioner, C-byr\u00e5n och en svensk tiger den 16 maj kl 11.<\/p>\n\n\n\n<p><a href=\"https:\/\/pgik.pgik.se\/index.php\/spioner-c-byran-och-en-svensk-tiger\/\" data-type=\"page\" data-id=\"389\">L\u00e4s mer<\/a><\/p>\n<\/div><\/div>\n\n\n\n<hr class=\"wp-block-separator has-alpha-channel-opacity\"\/>\n\n\n\n<div class=\"wp-block-media-text has-media-on-the-right is-stacked-on-mobile\"><div class=\"wp-block-media-text__content\">\n<p>V\u00e4lkomna p\u00e5 en guidad tur p\u00e5 Filmstaden i R\u00e5sunda tisdagen 19 mars kl 11.<\/p>\n\n\n\n<p><a href=\"https:\/\/pgik.pgik.se\/index.php\/guidad-tur-pa-filmstaden\/\" data-type=\"page\" data-id=\"393\">L\u00e4s mer<\/a><\/p>\n<\/div><figure class=\"wp-block-media-text__media\"><img loading=\"lazy\" decoding=\"async\" width=\"1024\" height=\"576\" src=\"https:\/\/pgik.pgik.se\/wp-content\/uploads\/2024\/12\/filmstaden-1024x576.webp\" alt=\"Bild p\u00e5 Filmstaden i R\u00e5sunda, en av aktiviteterna 2024\" class=\"wp-image-197 size-full\" srcset=\"https:\/\/pgik.pgik.se\/wp-content\/uploads\/2024\/12\/filmstaden-1024x576.webp 1024w, https:\/\/pgik.pgik.se\/wp-content\/uploads\/2024\/12\/filmstaden-300x169.webp 300w, https:\/\/pgik.pgik.se\/wp-content\/uploads\/2024\/12\/filmstaden-768x432.webp 768w, https:\/\/pgik.pgik.se\/wp-content\/uploads\/2024\/12\/filmstaden.webp 1200w\" sizes=\"auto, (max-width: 1024px) 100vw, 1024px\" \/><\/figure><\/div>\n\n\n\n<hr class=\"wp-block-separator has-alpha-channel-opacity\"\/>\n\n\n\n<div class=\"wp-block-media-text is-stacked-on-mobile\"><figure class=\"wp-block-media-text__media\"><img loading=\"lazy\" decoding=\"async\" width=\"1001\" height=\"667\" src=\"https:\/\/pgik.pgik.se\/wp-content\/uploads\/2025\/01\/arsmote.jpeg\" alt=\"Bild p\u00e5 \u00e5rsm\u00f6te\" class=\"wp-image-643 size-full\" srcset=\"https:\/\/pgik.pgik.se\/wp-content\/uploads\/2025\/01\/arsmote.jpeg 1001w, https:\/\/pgik.pgik.se\/wp-content\/uploads\/2025\/01\/arsmote-300x200.jpeg 300w, https:\/\/pgik.pgik.se\/wp-content\/uploads\/2025\/01\/arsmote-768x512.jpeg 768w, https:\/\/pgik.pgik.se\/wp-content\/uploads\/2025\/01\/arsmote-370x247.jpeg 370w, https:\/\/pgik.pgik.se\/wp-content\/uploads\/2025\/01\/arsmote-776x517.jpeg 776w\" sizes=\"auto, (max-width: 1001px) 100vw, 1001px\" \/><\/figure><div class=\"wp-block-media-text__content\">\n<p>\u00c5rsm\u00f6te p\u00e5 Metargatan 26 den 7 mars.<\/p>\n\n\n\n<p><a href=\"https:\/\/pgik.pgik.se\/index.php\/arsmote-2024\/\" data-type=\"page\" data-id=\"652\">L\u00e4s mer<\/a><\/p>\n<\/div><\/div>\n\n\n\n<hr class=\"wp-block-separator has-alpha-channel-opacity\"\/>\n\n\n\n<div class=\"wp-block-media-text has-media-on-the-right is-stacked-on-mobile\"><div class=\"wp-block-media-text__content\">\n<p>Inbjudan till guidad tur i Lumafabriken i Hammarby sj\u00f6stad. Torsdagen 22 februari kl 11.<\/p>\n\n\n\n<p><a href=\"https:\/\/pgik.pgik.se\/index.php\/lumafabriken\/\" data-type=\"page\" data-id=\"462\">L\u00e4s mer<\/a><\/p>\n<\/div><figure class=\"wp-block-media-text__media\"><img loading=\"lazy\" decoding=\"async\" width=\"1024\" height=\"683\" src=\"https:\/\/pgik.pgik.se\/wp-content\/uploads\/2025\/01\/luma-1024x683.jpg\" alt=\"\" class=\"wp-image-461 size-full\" srcset=\"https:\/\/pgik.pgik.se\/wp-content\/uploads\/2025\/01\/luma-1024x683.jpg 1024w, https:\/\/pgik.pgik.se\/wp-content\/uploads\/2025\/01\/luma-300x200.jpg 300w, https:\/\/pgik.pgik.se\/wp-content\/uploads\/2025\/01\/luma-768x512.jpg 768w, https:\/\/pgik.pgik.se\/wp-content\/uploads\/2025\/01\/luma-370x247.jpg 370w, https:\/\/pgik.pgik.se\/wp-content\/uploads\/2025\/01\/luma-776x517.jpg 776w, https:\/\/pgik.pgik.se\/wp-content\/uploads\/2025\/01\/luma.jpg 1050w\" sizes=\"auto, (max-width: 1024px) 100vw, 1024px\" \/><\/figure><\/div>\n\n\n\n<hr class=\"wp-block-separator has-alpha-channel-opacity\"\/>\n\n\n\n<div class=\"wp-block-media-text is-stacked-on-mobile\"><figure class=\"wp-block-media-text__media\"><img loading=\"lazy\" decoding=\"async\" width=\"754\" height=\"409\" src=\"https:\/\/pgik.pgik.se\/wp-content\/uploads\/2025\/01\/rising-stars.png\" alt=\"Bild p\u00e5 Rising Stars\" class=\"wp-image-465 size-full\" srcset=\"https:\/\/pgik.pgik.se\/wp-content\/uploads\/2025\/01\/rising-stars.png 754w, https:\/\/pgik.pgik.se\/wp-content\/uploads\/2025\/01\/rising-stars-300x163.png 300w\" sizes=\"auto, (max-width: 754px) 100vw, 754px\" \/><\/figure><div class=\"wp-block-media-text__content\">\n<p>Soppkonsert i Gr\u00fcnewaldsalen p\u00e5 Konserthuset fredagen 2 februari kl 11.30.<\/p>\n\n\n\n<p><a href=\"https:\/\/pgik.pgik.se\/index.php\/rising-stars-med-gitarr\/\" data-type=\"page\" data-id=\"464\">L\u00e4s mer<\/a><\/p>\n<\/div><\/div>\n\n\n\n<hr class=\"wp-block-separator has-alpha-channel-opacity\"\/>\n\n\n\n<p><a href=\"https:\/\/pgik.pgik.se\/index.php\/aktiviteter\/\" data-type=\"page\" data-id=\"23\">Tillbaka till sidan f\u00f6r aktiviteter<\/a><\/p>\n\n\n\n<p><a href=\"https:\/\/pgik.pgik.se\/index.php\/aktiviteter-2023\/\" data-type=\"page\" data-id=\"188\">Se aktiviteterna f\u00f6r 2023<\/a><\/p>\n\n\n\n<p><\/p>\n","protected":false},"excerpt":{"rendered":"<p>Aktiviteter 2024 L\u00e5t oss tr\u00e4ffas p\u00e5 Bishops Arms, Tyska Brinken &hellip; <\/p>\n","protected":false},"author":1,"featured_media":379,"parent":0,"menu_order":0,"comment_status":"closed","ping_status":"closed","template":"","meta":{"footnotes":""},"class_list":["post-337","page","type-page","status-publish","has-post-thumbnail","hentry"],"_links":{"self":[{"href":"https:\/\/pgik.pgik.se\/index.php\/wp-json\/wp\/v2\/pages\/337","targetHints":{"allow":["GET"]}}],"collection":[{"href":"https:\/\/pgik.pgik.se\/index.php\/wp-json\/wp\/v2\/pages"}],"about":[{"href":"https:\/\/pgik.pgik.se\/index.php\/wp-json\/wp\/v2\/types\/page"}],"author":[{"embeddable":true,"href":"https:\/\/pgik.pgik.se\/index.php\/wp-json\/wp\/v2\/users\/1"}],"replies":[{"embeddable":true,"href":"https:\/\/pgik.pgik.se\/index.php\/wp-json\/wp\/v2\/comments?post=337"}],"version-history":[{"count":18,"href":"https:\/\/pgik.pgik.se\/index.php\/wp-json\/wp\/v2\/pages\/337\/revisions"}],"predecessor-version":[{"id":729,"href":"https:\/\/pgik.pgik.se\/index.php\/wp-json\/wp\/v2\/pages\/337\/revisions\/729"}],"wp:featuredmedia":[{"embeddable":true,"href":"https:\/\/pgik.pgik.se\/index.php\/wp-json\/wp\/v2\/media\/379"}],"wp:attachment":[{"href":"https:\/\/pgik.pgik.se\/index.php\/wp-json\/wp\/v2\/media?parent=337"}],"curies":[{"name":"wp","href":"https:\/\/api.w.org\/{rel}","templated":true}]}}